{"id":6,"date":"2017-06-10T08:21:56","date_gmt":"2017-06-10T08:21:56","guid":{"rendered":"http:\/\/xtratheme.comconstruction\/?page_id=4"},"modified":"2022-11-08T15:32:42","modified_gmt":"2022-11-08T14:32:42","slug":"home","status":"publish","type":"page","link":"https:\/\/www.vustretysvetlu.sk\/","title":{"rendered":"Koncert The Sun"},"content":{"rendered":"<p>[vc_row full_width=&#8220;stretch_row_content&#8220; full_height=&#8220;yes&#8220; css=&#8220;.vc_custom_1667817167004{background-color: #000000 !important;background-position: center !important;background-repeat: no-repeat !important;background-size: cover !important;}&#8220;][vc_column width=&#8220;1\/3&#8243; css=&#8220;.vc_custom_1667656145530{padding-left: 100px !important;}&#8220;]<div id=\"cz_90209\" class=\"cz_90209 cz_title clr cz_mobile_text_center cz_title_pos_inline wpb_animate_when_almost_visible fadeInUp\"><div class=\"cz_title_content\"><div class=\"cz_wpe_content\"><h4>BRATISLAVA \u2022 RU\u017dOMBEROK \u2022 KO\u0160ICE<\/h4>\n<\/div><\/div><\/div><div class=\"cz_gap clr  hide_on_tablet hide_on_mobile\" style=\"height: 180px\"><\/div><div class=\"cz_gap show_on_tablet clr  show_only_tablet\" style=\"height: 100px\"><\/div><div class=\"cz_gap show_on_mobile clr\" style=\"height: 30px\"><\/div><div id=\"cz_91469\" class=\"cz_91469 cz_title clr cz_mobile_text_center cz_title_pos_inline wpb_animate_when_almost_visible fadeInUp\"><div class=\"cz_title_content\"><div class=\"cz_wpe_content\"><h4>Pr\u00ed\u010f na koncert talianskej skupiny THE\u00a0SUN a spoznaj mlad\u00fdch, ktor\u00ed vyzn\u00e1vaj\u00fa rovnak\u00e9 hondoty!<\/h4>\n<h2>PIESNE A SVEDECTV\u00c1<\/h2>\n<\/div><\/div><\/div><div id=\"cz_85190\" class=\"cz_85190 cz_title clr cz_mobile_text_center cz_title_pos_inline wpb_animate_when_almost_visible fadeInUp\"><div class=\"cz_title_content\"><div class=\"cz_wpe_content\"><p>Vstup vo\u013en\u00fd alebo za dobrovo\u013en\u00fd pr\u00edspevok.<\/p>\n<\/div><\/div><\/div>[vc_single_image image=&#8220;1007&#8243; img_size=&#8220;full&#8220;]<div class=\"cz_gap clr  hide_on_tablet hide_on_mobile\" style=\"height: 180px\"><\/div><div class=\"cz_gap show_on_tablet clr  show_only_tablet\" style=\"height: 100px\"><\/div><div class=\"cz_gap show_on_mobile clr\" style=\"height: 30px\"><\/div>[\/vc_column][vc_column width=&#8220;2\/3&#8243;][vc_single_image image=&#8220;979&#8243; img_size=&#8220;full&#8220;][\/vc_column][\/vc_row][vc_row full_width=&#8220;stretch_row&#8220;][vc_column width=&#8220;1\/3&#8243;]<div class=\"cz_eqh cz_content_box_parent_fx  \"><div id=\"cz_18728\" class=\"cz_18728 cz_content_box clr\"><div class=\"cz_box_front clr\"><div class=\"cz_box_front_inner clr \"><span><\/span><div>[vc_row_inner][vc_column_inner]<div id=\"cz_15510\" class=\"cz_15510 cz_title clr cz_title_has_border cz_title_pos_center tac\"><div class=\"cz_title_content\"><div class=\"cz_wpe_content\"><h2 style=\"text-align: center;\"><span style=\"color: #ffffff;\">BRATISLAVA<\/span><\/h2>\n<p style=\"text-align: center;\"><span style=\"color: #ffffff;\">8. 11. 2022, Utorok, 19:30 hod.<br \/>\njedlimart@gmail.com<br \/>\n<\/span><\/p>\n<\/div><\/div><\/div><div id=\"cz_70404\" class=\"cz_70404 cz_title clr cz_title_has_icon cz_title_pos_inline\"><div class=\"cz_title_content\"><span class=\"cz_title_icon_before cz_title_image\"><img width=\"57\" height=\"58\" src=\"https:\/\/www.vustretysvetlu.sk\/wp-content\/uploads\/2021\/11\/icon2.png\" class=\"attachment-thumbnail\" alt=\"\" decoding=\"async\" title=\"icon2\" \/><\/span><div class=\"cz_wpe_content\"><p><span style=\"color: #ffffff;\">UPeCe Mlyny<br \/>\nStar\u00e9 Grunty 36<\/span><\/p>\n<\/div><\/div><\/div>[\/vc_column_inner][\/vc_row_inner]<\/div><\/div><\/div><\/div><\/div>[\/vc_column][vc_column width=&#8220;1\/3&#8243;]<div class=\"cz_eqh cz_content_box_parent_fx  \"><div id=\"cz_62880\" class=\"cz_62880 cz_content_box clr\"><div class=\"cz_box_front clr\"><div class=\"cz_box_front_inner clr \"><span><\/span><div>[vc_row_inner][vc_column_inner]<div id=\"cz_23082\" class=\"cz_23082 cz_title clr cz_title_has_border cz_title_pos_center tac\"><div class=\"cz_title_content\"><div class=\"cz_wpe_content\"><h2 style=\"text-align: center;\"><span style=\"color: #ffffff;\">RU\u017dOMBEROK<\/span><\/h2>\n<p style=\"text-align: center;\"><span style=\"color: #ffffff;\">9. 11. 2022, Streda, 19:00 hod.<br \/>\nbystrjan@gmail.com<br \/>\n<\/span><\/p>\n<\/div><\/div><\/div><div id=\"cz_89332\" class=\"cz_89332 cz_title clr cz_title_has_icon cz_title_pos_inline\"><div class=\"cz_title_content\"><span class=\"cz_title_icon_before cz_title_image\"><img width=\"57\" height=\"58\" src=\"https:\/\/www.vustretysvetlu.sk\/wp-content\/uploads\/2021\/11\/icon2.png\" class=\"attachment-thumbnail\" alt=\"\" decoding=\"async\" title=\"icon2\" \/><\/span><div class=\"cz_wpe_content\"><p><span style=\"color: #ffffff;\">Katol\u00edcka univerzita<br \/>\nHrabovsk\u00e1 1<\/span><\/p>\n<\/div><\/div><\/div>[\/vc_column_inner][\/vc_row_inner]<\/div><\/div><\/div><\/div><\/div>[\/vc_column][vc_column width=&#8220;1\/3&#8243;]<div class=\"cz_eqh cz_content_box_parent_fx  \"><div id=\"cz_39546\" class=\"cz_39546 cz_content_box clr\"><div class=\"cz_box_front clr\"><div class=\"cz_box_front_inner clr \"><span><\/span><div>[vc_row_inner][vc_column_inner]<div id=\"cz_42542\" class=\"cz_42542 cz_title clr cz_title_has_border cz_title_pos_center tac\"><div class=\"cz_title_content\"><div class=\"cz_wpe_content\"><h2 style=\"text-align: center;\"><span style=\"color: #ffffff;\">KO\u0160ICE<\/span><\/h2>\n<p style=\"text-align: center;\"><span style=\"color: #ffffff;\">10. 11. 2022, \u0160tvrtok, 19:00 hod.<br \/>\nstevonov@gmail.com<br \/>\n<\/span><\/p>\n<\/div><\/div><\/div><div id=\"cz_46294\" class=\"cz_46294 cz_title clr cz_title_has_icon cz_title_pos_inline\"><div class=\"cz_title_content\"><span class=\"cz_title_icon_before cz_title_image\"><img width=\"57\" height=\"58\" src=\"https:\/\/www.vustretysvetlu.sk\/wp-content\/uploads\/2021\/11\/icon2.png\" class=\"attachment-thumbnail\" alt=\"\" decoding=\"async\" title=\"icon2\" \/><\/span><div class=\"cz_wpe_content\"><p><span style=\"color: #ffffff;\">Teologick\u00e1 faktulta<br \/>\nHlavn\u00e1 79<\/span><\/p>\n<\/div><\/div><\/div>[\/vc_column_inner][\/vc_row_inner]<\/div><\/div><\/div><\/div><\/div>[\/vc_column][\/vc_row][vc_row][vc_column]<div class=\"cz_gap clr  hide_on_mobile\" style=\"height: 20px\"><\/div><div class=\"cz_gap show_on_mobile clr\" style=\"height: 30px\"><\/div>[\/vc_column][\/vc_row][vc_row full_width=&#8220;stretch_row&#8220; css=&#8220;.vc_custom_1637494331035{background-image: url(https:\/\/www.vustretysvetlu.sk\/wp-content\/uploads\/2021\/11\/bg3.jpg?id=805) !important;background-position: 0 0 !important;background-repeat: no-repeat !important;background-position: right bottom !important;}&#8220;][vc_column width=&#8220;2\/3&#8243;]<div id=\"cz_49344\" class=\"cz_49344 cz_video_popup clr cz_video_popup_c\"><div><div class=\"cz_vp_c\"><a href=\"https:\/\/www.youtube.com\/watch?v=RBI86NDvVpQ\"><img width=\"920\" height=\"680\" src=\"https:\/\/www.vustretysvetlu.sk\/wp-content\/uploads\/2022\/11\/video-the-sun2.jpg\" class=\"attachment-full\" alt=\"\" decoding=\"async\" title=\"video-the-sun2\" srcset=\"https:\/\/www.vustretysvetlu.sk\/wp-content\/uploads\/2022\/11\/video-the-sun2.jpg 920w, https:\/\/www.vustretysvetlu.sk\/wp-content\/uploads\/2022\/11\/video-the-sun2-300x222.jpg 300w, https:\/\/www.vustretysvetlu.sk\/wp-content\/uploads\/2022\/11\/video-the-sun2-768x568.jpg 768w, https:\/\/www.vustretysvetlu.sk\/wp-content\/uploads\/2022\/11\/video-the-sun2-600x443.jpg 600w\" sizes=\"(max-width: 920px) 100vw, 920px\" \/><div class=\"cz_vp_inner\"><span><i class=\"fa fa-play\"><\/i><\/span><\/div><\/a><\/div><\/div><\/div>[\/vc_column][vc_column width=&#8220;1\/3&#8243;]<div class=\"cz_eqh cz_content_box_parent_fx  \"><div id=\"cz_19852\" class=\"cz_19852 cz_content_box clr wpb_animate_when_almost_visible fadeInUp\"><div class=\"cz_box_front clr\"><div class=\"cz_box_front_inner clr \"><span><\/span><div><div id=\"cz_43209\" class=\"cz_43209 cz_title clr cz_mobile_text_center cz_title_pos_inline\"><div class=\"cz_title_content\"><div class=\"cz_wpe_content\"><h4>TALIANSKA SKUPINA<br \/>\nPozit\u00edvneho rocku<\/h4>\n<h2>THE SUN<\/h2>\n<\/div><\/div><\/div><div id=\"cz_109401\" class=\"cz_109401 cz_title clr cz_mobile_text_center cz_title_pos_inline\"><div class=\"cz_title_content\"><div class=\"cz_wpe_content\"><p>Talianska skupina THE SUN a Katol\u00edcka univerzita v Ru\u017eomberku V\u00e1s poz\u00fdva na koncert a besedu s \u010dlenmi skupiny o ich osobnom stretnut\u00ed s Je\u017ei\u0161om Kristom. Na koncerte si m\u00f4\u017ee\u0161 n\u00e1js\u0165 aj nov\u00fdch priate\u013eov! Te\u0161\u00edme sa na V\u00e1s!<\/p>\n<\/div><\/div><\/div><div id=\"cz_39083\" class=\"cz_39083 cz_social_icons cz_social clr cz_social_inline_title tal\"><a href=\"https:\/\/www.facebook.com\/thesunofficial\" class=\"cz-facebook\" target=\"_blank\" rel=\"noopener noreferrer\" title=\"The Sun Music\" aria-label=\"The Sun Music\"><i class=\"fa fa-facebook\"><span class=\"ml10\">The Sun Music<\/span><\/i><\/a><\/div><\/div><\/div><\/div><\/div><\/div>[\/vc_column][\/vc_row][vc_row][vc_column]<div class=\"cz_gap clr  hide_on_mobile\" style=\"height: 60px\"><\/div><div class=\"cz_gap show_on_mobile clr\" style=\"height: 30px\"><\/div>[\/vc_column][\/vc_row][vc_row full_width=&#8220;stretch_row&#8220; css=&#8220;.vc_custom_1667658054011{padding-top: 60px !important;padding-bottom: 0px !important;background-color: #fee529 !important;}&#8220;][vc_column width=&#8220;2\/3&#8243;][vc_column_text]<\/p>\n<p style=\"text-align: left;\"><span style=\"color: #5c0abe; font-size: 20px;\">Koncert bude spojen\u00fd s prezent\u00e1ciou kni\u017eky ich l\u00eddra <\/span><span style=\"color: #5c0abe; font-size: 20px;\">Francesca Lorenziho <strong>V \u00fastrety svetlu<\/strong>. <\/span><span style=\"color: #5c0abe; font-size: 20px;\">Kniha predstavuje priamu a pr\u00ed\u0165a\u017eliv\u00fa cestu, na ktor\u00fa sa m\u00f4\u017ee vyda\u0165 ka\u017ed\u00fd, <\/span><span style=\"color: #5c0abe; font-size: 20px;\">kto c\u00edti potrebu p\u00e1tra\u0165 po zmysle \u017eivota v plnosti a radosti.<\/span><\/p>\n<p>[\/vc_column_text][vc_single_image image=&#8220;1024&#8243; img_size=&#8220;full&#8220; alignment=&#8220;center&#8220;]<div class=\"cz_gap clr  hide_on_mobile\" style=\"height: 60px\"><\/div><div class=\"cz_gap show_on_mobile clr\" style=\"height: 30px\"><\/div>[\/vc_column][vc_column width=&#8220;1\/3&#8243;][vc_single_image image=&#8220;1070&#8243; img_size=&#8220;medium&#8220; alignment=&#8220;center&#8220; onclick=&#8220;link_image&#8220;]<div class=\"cz_btn_center\"><div class=\"cz_98276_p\"><a id=\"cz_98276\" class=\"cz_98276 cz_btn cz_btn_txt_no_fx cz_btn_zoom_in\" href=\"https:\/\/www.vustretysvetlu.sk\/wp-content\/uploads\/2022\/11\/Plagat-A2-TheSun-print.pdf\" target=\"_blank\"><span><i class=\"fa fa-cloud-download\"><\/i><strong>Stiahnu\u0165 plag\u00e1t<\/strong><\/span><b class=\"cz_btn_onhover\"><i class=\"fa fa-cloud-download\"><\/i><strong>Stiahnu\u0165 plag\u00e1t<\/strong><\/b><\/a><\/div><\/div><div class=\"cz_gap clr  hide_on_mobile\" style=\"height: 60px\"><\/div><div class=\"cz_gap show_on_mobile clr\" style=\"height: 30px\"><\/div>[\/vc_column][\/vc_row]<\/p>\n","protected":false},"excerpt":{"rendered":"<p>[vc_row full_width=&#8220;stretch_row_content&#8220; full_height=&#8220;yes&#8220; css=&#8220;.vc_custom_1667817167004{background-color: #000000 !important;background-position: center !important;background-repeat: no-repeat !important;background-size: cover &#8230; <\/p>\n","protected":false},"author":1,"featured_media":1056,"parent":0,"menu_order":0,"comment_status":"closed","ping_status":"closed","template":"","meta":{"_monsterinsights_skip_tracking":false,"_monsterinsights_sitenote_active":false,"_monsterinsights_sitenote_note":"","_monsterinsights_sitenote_category":0},"yoast_head":"<!-- This site is optimized with the Yoast SEO plugin v19.8 - https:\/\/yoast.com\/wordpress\/plugins\/seo\/ -->\n<title>Koncert skupiny The Sun - V \u00fastrety Svetlu<\/title>\n<meta name=\"robots\" content=\"index, follow, max-snippet:-1, max-image-preview:large, max-video-preview:-1\" \/>\n<link rel=\"canonical\" href=\"https:\/\/www.vustretysvetlu.sk\/\" \/>\n<meta property=\"og:locale\" content=\"sk_SK\" \/>\n<meta property=\"og:type\" content=\"article\" \/>\n<meta property=\"og:title\" content=\"Koncert skupiny The Sun - V \u00fastrety Svetlu\" \/>\n<meta property=\"og:description\" content=\"[vc_row full_width=&#8220;stretch_row_content&#8220; full_height=&#8220;yes&#8220; css=&#8220;.vc_custom_1667817167004{background-color: #000000 !important;background-position: center !important;background-repeat: no-repeat !important;background-size: cover ...\" \/>\n<meta property=\"og:url\" content=\"https:\/\/www.vustretysvetlu.sk\/\" \/>\n<meta property=\"og:site_name\" content=\"V \u00fastrety Svetlu\" \/>\n<meta property=\"article:modified_time\" content=\"2022-11-08T14:32:42+00:00\" \/>\n<meta property=\"og:image\" content=\"https:\/\/www.vustretysvetlu.sk\/wp-content\/uploads\/2022\/11\/ilustracne-the-sun.jpg\" \/>\n\t<meta property=\"og:image:width\" content=\"900\" \/>\n\t<meta property=\"og:image:height\" content=\"580\" \/>\n\t<meta property=\"og:image:type\" content=\"image\/jpeg\" \/>\n<meta name=\"twitter:card\" content=\"summary_large_image\" \/>\n<meta name=\"twitter:label1\" content=\"Predpokladan\u00fd \u010das \u010d\u00edtania\" \/>\n\t<meta name=\"twitter:data1\" content=\"2 min\u00faty\" \/>\n<script type=\"application\/ld+json\" class=\"yoast-schema-graph\">{\"@context\":\"https:\/\/schema.org\",\"@graph\":[{\"@type\":\"WebPage\",\"@id\":\"https:\/\/www.vustretysvetlu.sk\/\",\"url\":\"https:\/\/www.vustretysvetlu.sk\/\",\"name\":\"Koncert skupiny The Sun - V \u00fastrety Svetlu\",\"isPartOf\":{\"@id\":\"https:\/\/www.vustretysvetlu.sk\/#website\"},\"datePublished\":\"2017-06-10T08:21:56+00:00\",\"dateModified\":\"2022-11-08T14:32:42+00:00\",\"breadcrumb\":{\"@id\":\"https:\/\/www.vustretysvetlu.sk\/#breadcrumb\"},\"inLanguage\":\"sk-SK\",\"potentialAction\":[{\"@type\":\"ReadAction\",\"target\":[\"https:\/\/www.vustretysvetlu.sk\/\"]}]},{\"@type\":\"BreadcrumbList\",\"@id\":\"https:\/\/www.vustretysvetlu.sk\/#breadcrumb\",\"itemListElement\":[{\"@type\":\"ListItem\",\"position\":1,\"name\":\"Home\",\"item\":\"https:\/\/www.vustretysvetlu.sk\/\"},{\"@type\":\"ListItem\",\"position\":2,\"name\":\"Koncert The Sun\"}]},{\"@type\":\"WebSite\",\"@id\":\"https:\/\/www.vustretysvetlu.sk\/#website\",\"url\":\"https:\/\/www.vustretysvetlu.sk\/\",\"name\":\"V \u00fastrety Svetlu\",\"description\":\"Len \u010fal\u0161ia WordPress str\u00e1nka\",\"potentialAction\":[{\"@type\":\"SearchAction\",\"target\":{\"@type\":\"EntryPoint\",\"urlTemplate\":\"https:\/\/www.vustretysvetlu.sk\/?s={search_term_string}\"},\"query-input\":\"required name=search_term_string\"}],\"inLanguage\":\"sk-SK\"}]}<\/script>\n<!-- \/ Yoast SEO plugin. -->","yoast_head_json":{"title":"Koncert skupiny The Sun - V \u00fastrety Svetlu","robots":{"index":"index","follow":"follow","max-snippet":"max-snippet:-1","max-image-preview":"max-image-preview:large","max-video-preview":"max-video-preview:-1"},"canonical":"https:\/\/www.vustretysvetlu.sk\/","og_locale":"sk_SK","og_type":"article","og_title":"Koncert skupiny The Sun - V \u00fastrety Svetlu","og_description":"[vc_row full_width=&#8220;stretch_row_content&#8220; full_height=&#8220;yes&#8220; css=&#8220;.vc_custom_1667817167004{background-color: #000000 !important;background-position: center !important;background-repeat: no-repeat !important;background-size: cover ...","og_url":"https:\/\/www.vustretysvetlu.sk\/","og_site_name":"V \u00fastrety Svetlu","article_modified_time":"2022-11-08T14:32:42+00:00","og_image":[{"width":900,"height":580,"url":"https:\/\/www.vustretysvetlu.sk\/wp-content\/uploads\/2022\/11\/ilustracne-the-sun.jpg","type":"image\/jpeg"}],"twitter_card":"summary_large_image","twitter_misc":{"Predpokladan\u00fd \u010das \u010d\u00edtania":"2 min\u00faty"},"schema":{"@context":"https:\/\/schema.org","@graph":[{"@type":"WebPage","@id":"https:\/\/www.vustretysvetlu.sk\/","url":"https:\/\/www.vustretysvetlu.sk\/","name":"Koncert skupiny The Sun - V \u00fastrety Svetlu","isPartOf":{"@id":"https:\/\/www.vustretysvetlu.sk\/#website"},"datePublished":"2017-06-10T08:21:56+00:00","dateModified":"2022-11-08T14:32:42+00:00","breadcrumb":{"@id":"https:\/\/www.vustretysvetlu.sk\/#breadcrumb"},"inLanguage":"sk-SK","potentialAction":[{"@type":"ReadAction","target":["https:\/\/www.vustretysvetlu.sk\/"]}]},{"@type":"BreadcrumbList","@id":"https:\/\/www.vustretysvetlu.sk\/#breadcrumb","itemListElement":[{"@type":"ListItem","position":1,"name":"Home","item":"https:\/\/www.vustretysvetlu.sk\/"},{"@type":"ListItem","position":2,"name":"Koncert The Sun"}]},{"@type":"WebSite","@id":"https:\/\/www.vustretysvetlu.sk\/#website","url":"https:\/\/www.vustretysvetlu.sk\/","name":"V \u00fastrety Svetlu","description":"Len \u010fal\u0161ia WordPress str\u00e1nka","potentialAction":[{"@type":"SearchAction","target":{"@type":"EntryPoint","urlTemplate":"https:\/\/www.vustretysvetlu.sk\/?s={search_term_string}"},"query-input":"required name=search_term_string"}],"inLanguage":"sk-SK"}]}},"_links":{"self":[{"href":"https:\/\/www.vustretysvetlu.sk\/index.php?rest_route=\/wp\/v2\/pages\/6"}],"collection":[{"href":"https:\/\/www.vustretysvetlu.sk\/index.php?rest_route=\/wp\/v2\/pages"}],"about":[{"href":"https:\/\/www.vustretysvetlu.sk\/index.php?rest_route=\/wp\/v2\/types\/page"}],"author":[{"embeddable":true,"href":"https:\/\/www.vustretysvetlu.sk\/index.php?rest_route=\/wp\/v2\/users\/1"}],"replies":[{"embeddable":true,"href":"https:\/\/www.vustretysvetlu.sk\/index.php?rest_route=%2Fwp%2Fv2%2Fcomments&post=6"}],"version-history":[{"count":6,"href":"https:\/\/www.vustretysvetlu.sk\/index.php?rest_route=\/wp\/v2\/pages\/6\/revisions"}],"predecessor-version":[{"id":1086,"href":"https:\/\/www.vustretysvetlu.sk\/index.php?rest_route=\/wp\/v2\/pages\/6\/revisions\/1086"}],"wp:featuredmedia":[{"embeddable":true,"href":"https:\/\/www.vustretysvetlu.sk\/index.php?rest_route=\/wp\/v2\/media\/1056"}],"wp:attachment":[{"href":"https:\/\/www.vustretysvetlu.sk\/index.php?rest_route=%2Fwp%2Fv2%2Fmedia&parent=6"}],"curies":[{"name":"wp","href":"https:\/\/api.w.org\/{rel}","templated":true}]}}